{"id":5772,"date":"2026-07-31T10:10:51","date_gmt":"2026-07-31T10:10:51","guid":{"rendered":"https:\/\/benzifoundation.org\/covid-19\/"},"modified":"2026-08-06T08:49:49","modified_gmt":"2026-08-06T08:49:49","slug":"covid-19","status":"publish","type":"page","link":"https:\/\/benzifoundation.org\/it\/covid-19\/","title":{"rendered":"COVID-19"},"content":{"rendered":"<div class=\"et_pb_section_0 et_pb_section et_section_regular et_block_section et_pb_section_parallax headerAll\"><span class=\"et-pb-parallax-wrapper\"><span class=\"et-pb-parallax-background et-pb-parallax-background--css et-pb-parallax-background-module--divi-section-0\" style=\"background-image:url(https:\/\/benzifoundation.org\/wp-content\/uploads\/2026\/07\/coronavirus3.jpg)\"><\/span><\/span>\n<div class=\"et_pb_row_0 et_pb_row et_block_row\">\n<div class=\"et_pb_column_0 et_pb_column et_pb_column_4_4 et-last-child et_block_column et_pb_css_mix_blend_mode_passthrough\">\n<div class=\"et_pb_text_0 et_pb_text et_pb_bg_layout_light et_pb_module et_block_module\"><div class=\"et_pb_text_inner\"><h2>Covid-19<\/h2>\n<\/div><\/div>\n<\/div>\n<\/div>\n<\/div>\n\n<div class=\"et_pb_section_1 et_pb_section et_section_regular et_block_section\">\n<div class=\"et_pb_row_1 et_pb_row et_block_row\">\n<div class=\"et_pb_column_1 et_pb_column et_pb_column_4_4 et-last-child et_block_column et_pb_css_mix_blend_mode_passthrough\">\n<div class=\"et_pb_text_1 et_pb_text et_pb_bg_layout_light et_pb_module et_block_module titViola1\"><div class=\"et_pb_text_inner\"><h2>Medicinali e vaccini contro il COVID-19 <\/h2>\n<\/div><\/div>\n\n<div class=\"et_pb_divider_0 et_pb_divider et_pb_space et_pb_divider_position_top et_pb_module divid1\"><div class=\"et_pb_divider_internal\"><\/div><\/div>\n\n<div class=\"et_pb_text_2 et_pb_text et_pb_bg_layout_light et_pb_module et_block_module et_pb_text_align_center\"><div class=\"et_pb_text_inner\"><p style=\"text-align: center;\">Considerato il rilevante impatto della pandemia di COVID-19 sulla societ\u00e0 e sui sistemi sanitari di tutto il mondo, \u00e8 fondamentale accelerare lo sviluppo di misure efficaci per combattere e prevenire la diffusione di questo virus, nonch\u00e9 generare evidenze solide e interpretabili che consentano di definire tempestivamente terapie o vaccini contro il COVID-19 che siano efficaci e sicuri.<\/p>\n<p style=\"text-align: center;\">Questa priorit\u00e0 \u00e8 stata evidenziata anche dall'Agenzia Europea per i Medicinali (EMA) in un comunicato stampa, disponibile <strong><a href=\"https:\/\/www.ema.europa.eu\/en\/documents\/press-release\/international-coordination-needed-encourage-conduct-large-decision-relevant-covid-19-clinical-trials_en.pdf\" target=\"_blank\" rel=\"noopener noreferrer\">qui<\/a><\/strong>.<\/p>\n<p style=\"text-align: center;\">This page intends to provide with an overview of the treatments, including vaccines, currently under evaluation or already approved at the European level.<\/p>\n<\/div><\/div>\n<\/div>\n<\/div>\n<\/div>\n\n<div class=\"et_pb_section_2 et_pb_section et_section_regular et_block_section\">\n<div class=\"et_pb_row_2 et_pb_row et_block_row\">\n<div class=\"et_pb_column_2 et_pb_column et_pb_column_4_4 et-last-child et_block_column et_pb_css_mix_blend_mode_passthrough\">\n<div class=\"et_pb_text_3 et_pb_text et_pb_bg_layout_light et_pb_module et_block_module\"><div class=\"et_pb_text_inner\"><h2 style=\"text-align: center;\">Trattamenti contro il COVID-19: stato dell\u2019autorizzazione in Europa<\/h2>\n<\/div><\/div>\n\n<div class=\"et_pb_text_4 et_pb_text et_pb_bg_layout_light et_pb_module et_block_module\"><div class=\"et_pb_text_inner\"><p style=\"text-align: center;\">In risposta alla pandemia globale di COVID-19, l'Agenzia Europea per i Medicinali (EMA) \u00e8 impegnata ad accelerare lo sviluppo e l'autorizzazione di trattamenti e vaccini sicuri ed efficaci. Di seguito \u00e8 riportata una panoramica dello stato di autorizzazione dei trattamenti contro il COVID-19 in Europa. <\/p>\n<\/div><\/div>\n<\/div>\n<\/div>\n<\/div>\n\n<div class=\"et_pb_section_3 et_pb_section et_section_regular et_block_section\">\n<div class=\"et_pb_row_3 et_pb_row et_pb_row_4col et_block_row et_block_row_4col\">\n<div class=\"et_pb_column_3 et_pb_column et_pb_column_1_4 et_block_column et_pb_css_mix_blend_mode_passthrough\">\n<div class=\"et_pb_number_counter_0 et_pb_number_counter et_pb_bg_layout_light et_pb_text_align_center et_pb_with_title et_pb_module et_block_module\"><div class=\"percent\"><p><span class=\"percent-value\"><\/span><span class=\"percent-sign\"><\/span><\/p><\/div><h3 class=\"title\">Medicinali in fase di valutazione<\/h3><\/div>\n\n<div class=\"et_pb_module et_pb_button_module_wrapper et_pb_button_0_wrapper\"><a class=\"et_pb_button_0 et_pb_button et_pb_bg_layout_light et_pb_module et_block_module\" href=\"https:\/\/benzifoundation.org\/wp-content\/uploads\/2026\/07\/COVID-19-treatments-under-evaluation_20220104.pdf\" target=\"_blank\">Scopri di pi\u00f9<\/a><\/div>\n<\/div>\n\n<div class=\"et_pb_column_4 et_pb_column et_pb_column_1_4 et_block_column et_pb_css_mix_blend_mode_passthrough\">\n<div class=\"et_pb_number_counter_1 et_pb_number_counter et_pb_bg_layout_light et_pb_text_align_center et_pb_with_title et_pb_module et_block_module\"><div class=\"percent\"><p><span class=\"percent-value\"><\/span><span class=\"percent-sign\"><\/span><\/p><\/div><h3 class=\"title\">Vaccini in fase di valutazione<\/h3><\/div>\n\n<div class=\"et_pb_module et_pb_button_module_wrapper et_pb_button_1_wrapper\"><a class=\"et_pb_button_1 et_pb_button et_pb_bg_layout_light et_pb_module et_block_module\" href=\"https:\/\/benzifoundation.org\/wp-content\/uploads\/2026\/07\/COVID-19-vaccines-under-evaluation_20220104.pdf\" target=\"_blank\">Scopri di pi\u00f9<\/a><\/div>\n<\/div>\n\n<div class=\"et_pb_column_5 et_pb_column et_pb_column_1_4 et_block_column et_pb_css_mix_blend_mode_passthrough\">\n<div class=\"et_pb_number_counter_2 et_pb_number_counter et_pb_bg_layout_light et_pb_text_align_center et_pb_with_title et_pb_module et_block_module\"><div class=\"percent\"><p><span class=\"percent-value\"><\/span><span class=\"percent-sign\"><\/span><\/p><\/div><h3 class=\"title\">Medicinali autorizzati<\/h3><\/div>\n\n<div class=\"et_pb_module et_pb_button_module_wrapper et_pb_button_2_wrapper\"><a class=\"et_pb_button_2 et_pb_button et_pb_bg_layout_light et_pb_module et_block_module\" href=\"https:\/\/benzifoundation.org\/wp-content\/uploads\/2026\/07\/COVID-19-authorised-medicines_20220104.pdf\" target=\"_blank\">Scopri di pi\u00f9<\/a><\/div>\n<\/div>\n\n<div class=\"et_pb_column_6 et_pb_column et_pb_column_1_4 et-last-child et_block_column et_pb_css_mix_blend_mode_passthrough\">\n<div class=\"et_pb_number_counter_3 et_pb_number_counter et_pb_bg_layout_light et_pb_text_align_center et_pb_with_title et_pb_module et_block_module\"><div class=\"percent\"><p><span class=\"percent-value\"><\/span><span class=\"percent-sign\"><\/span><\/p><\/div><h3 class=\"title\">Vaccini autorizzati<\/h3><\/div>\n\n<div class=\"et_pb_module et_pb_button_module_wrapper et_pb_button_3_wrapper\"><a class=\"et_pb_button_3 et_pb_button et_pb_bg_layout_light et_pb_module et_block_module\" href=\"https:\/\/benzifoundation.org\/wp-content\/uploads\/2026\/07\/COVID-19-authorised-vaccines_20220104.pdf\" target=\"_blank\">Scopri di pi\u00f9<\/a><\/div>\n<\/div>\n<\/div>\n<\/div>\n\n<div class=\"et_pb_section_4 et_pb_section et_section_regular et_block_section\">\n<div class=\"et_pb_row_4 et_pb_row et_block_row\">\n<div class=\"et_pb_column_7 et_pb_column et_pb_column_4_4 et-last-child et_block_column et_pb_css_mix_blend_mode_passthrough\">\n<div class=\"et_pb_text_5 et_pb_text et_pb_bg_layout_light et_pb_module et_block_module titViola1\"><div class=\"et_pb_text_inner\"><h2>FOCUS SULLE MALATTIE RARE<\/h2>\n<\/div><\/div>\n\n<div class=\"et_pb_text_6 et_pb_text et_pb_bg_layout_light et_pb_module et_block_module\"><div class=\"et_pb_text_inner\"><p style=\"text-align: center;\">A causa della pandemia di COVID-19, le persone affette da una <strong>malattia rara<\/strong> si trovano ad affrontare numerose difficolt\u00e0 nell'accesso ai trattamenti di cui necessitano, comprese le cure salvavita, oltre a essere esposte a un rischio maggiore di complicanze legate al COVID-19. <\/p>\n<p style=\"text-align: center;\">Garantire alle persone affette da malattie rare l'accesso ai vaccini contro il COVID-19 dovrebbe essere ampiamente considerato una <strong>priorit\u00e0<\/strong>. Particolare attenzione dovrebbe essere rivolta ai diversi gruppi di pazienti con malattie rare, poich\u00e9 spesso presentano comorbidit\u00e0 o seguono terapie immunosoppressive che potrebbero compromettere l'efficacia e la risposta ai vaccini. <\/p>\n<\/div><\/div>\n\n<div class=\"et_pb_module et_pb_button_module_wrapper et_pb_button_4_wrapper\"><a class=\"et_pb_button_4 et_pb_button et_pb_bg_layout_light et_pb_module et_block_module\" href=\"https:\/\/benzifoundation.org\/wp-content\/uploads\/2026\/07\/COVID-19_-A-FOCUS-ON-RARE-DISEASES_Eng.pdf\" target=\"_blank\">CONSULTA IL MATERIALE INFORMATIVO<\/a><\/div>\n\n<div class=\"et_pb_text_7 et_pb_text et_pb_bg_layout_light et_pb_module et_block_module\"><div class=\"et_pb_text_inner\"><p style=\"text-align: center;\">Per rispondere alle preoccupazioni dei pazienti affetti da malattie rare e fornire indicazioni sulla somministrazione dei vaccini contro il COVID-19, alcune societ\u00e0 scientifiche e associazioni dedicate alle malattie rare hanno gi\u00e0 pubblicato documenti di indirizzo e sezioni di domande frequenti (FAQ) rivolte ai pazienti e agli operatori sanitari. <\/p>\n<\/div><\/div>\n\n<div class=\"et_pb_module et_pb_button_module_wrapper et_pb_button_5_wrapper\"><a class=\"et_pb_button_5 et_pb_button et_pb_bg_layout_light et_pb_module et_block_module\" href=\"https:\/\/benzifoundation.org\/wp-content\/uploads\/2026\/07\/guidelines-and-reccomendations_full-list.pdf\" target=\"_blank\">RISORSE UTILI<\/a><\/div>\n\n<div class=\"et_pb_image_0 et_pb_image et_pb_module et_block_module\"><a href=\"https:\/\/www.rarediseaseday.org\/\" target=\"_blank\"><span class=\"et_pb_image_wrap\"><img loading=\"lazy\" decoding=\"async\" src=\"https:\/\/benzifoundation.org\/wp-content\/uploads\/2026\/07\/Facebook-Banner_800.jpg\" width=\"800\" height=\"304\" srcset=\"https:\/\/benzifoundation.org\/wp-content\/uploads\/2026\/07\/Facebook-Banner_800.jpg 800w, https:\/\/benzifoundation.org\/wp-content\/uploads\/2026\/07\/Facebook-Banner_800-480x182.jpg 480w\" sizes=\"(min-width: 0px) and (max-width: 480px) 480px, (min-width: 481px) 800px, 100vw\" class=\"wp-image-5687\" title=\"Facebook Banner_800\" \/><\/span><\/a><\/div>\n<\/div>\n<\/div>\n<\/div>\n\n\n\n\n\n\n\n\n\n\n\n\n\n\n\n\n\n\n\n\n\n\n\n<div class=\"et_pb_section_16 et_pb_section et_section_regular et_block_section\">\n<div class=\"et_pb_row_18 et_pb_row et_block_row\">\n<div class=\"et_pb_column_40 et_pb_column et_pb_column_4_4 et-last-child et_block_column et_pb_css_mix_blend_mode_passthrough\">\n<div class=\"et_pb_text_26 et_pb_text et_pb_bg_layout_light et_pb_module et_block_module et_pb_text_align_center\"><div class=\"et_pb_text_inner\"><p>Data source: <a href=\"https:\/\/www.ema.europa.eu\/en\" target=\"_blank\" rel=\"noopener\"><strong>EMA website<\/strong><\/a>. Last update on 4 January 2022.  <\/p>\n<p>Do not hesitate to contact <a href=\"mailto:info@benzifoundation.org\" target=\"_blank\" rel=\"noopener noreferrer\"><strong>us<\/strong><\/a> for additional information.<\/p>\n<\/div><\/div>\n<\/div>\n<\/div>\n<\/div>","protected":false},"excerpt":{"rendered":"","protected":false},"author":1,"featured_media":0,"parent":0,"menu_order":0,"comment_status":"closed","ping_status":"closed","template":"","meta":{"footnotes":""},"class_list":["post-5772","page","type-page","status-publish","hentry"],"yoast_head":"<!-- This site is optimized with the Yoast SEO plugin v28.3 - https:\/\/yoast.com\/product\/yoast-seo-wordpress\/ -->\n<title>COVID-19 - Fondazione Gianni Benzi - ETS<\/title>\n<meta name=\"robots\" content=\"index, follow, max-snippet:-1, max-image-preview:large, max-video-preview:-1\" \/>\n<link rel=\"canonical\" href=\"https:\/\/benzifoundation.org\/it\/covid-19\/\" \/>\n<meta property=\"og:locale\" content=\"it_IT\" \/>\n<meta property=\"og:type\" content=\"article\" \/>\n<meta property=\"og:title\" content=\"COVID-19 - Fondazione Gianni Benzi - ETS\" \/>\n<meta property=\"og:url\" content=\"https:\/\/benzifoundation.org\/it\/covid-19\/\" \/>\n<meta property=\"og:site_name\" content=\"Fondazione Gianni Benzi - ETS\" \/>\n<meta property=\"article:modified_time\" content=\"2026-08-06T08:49:49+00:00\" \/>\n<meta name=\"twitter:card\" content=\"summary_large_image\" \/>\n<script type=\"application\/ld+json\" class=\"yoast-schema-graph\">{\"@context\":\"https:\\\/\\\/schema.org\",\"@graph\":[{\"@type\":\"WebPage\",\"@id\":\"https:\\\/\\\/benzifoundation.org\\\/it\\\/covid-19\\\/\",\"url\":\"https:\\\/\\\/benzifoundation.org\\\/it\\\/covid-19\\\/\",\"name\":\"COVID-19 - Fondazione Gianni Benzi - ETS\",\"isPartOf\":{\"@id\":\"https:\\\/\\\/benzifoundation.org\\\/it\\\/#website\"},\"datePublished\":\"2026-07-31T10:10:51+00:00\",\"dateModified\":\"2026-08-06T08:49:49+00:00\",\"breadcrumb\":{\"@id\":\"https:\\\/\\\/benzifoundation.org\\\/it\\\/covid-19\\\/#breadcrumb\"},\"inLanguage\":\"it-IT\",\"potentialAction\":[{\"@type\":\"ReadAction\",\"target\":[\"https:\\\/\\\/benzifoundation.org\\\/it\\\/covid-19\\\/\"]}]},{\"@type\":\"BreadcrumbList\",\"@id\":\"https:\\\/\\\/benzifoundation.org\\\/it\\\/covid-19\\\/#breadcrumb\",\"itemListElement\":[{\"@type\":\"ListItem\",\"position\":1,\"name\":\"Home\",\"item\":\"https:\\\/\\\/benzifoundation.org\\\/it\\\/\"},{\"@type\":\"ListItem\",\"position\":2,\"name\":\"COVID-19\"}]},{\"@type\":\"WebSite\",\"@id\":\"https:\\\/\\\/benzifoundation.org\\\/it\\\/#website\",\"url\":\"https:\\\/\\\/benzifoundation.org\\\/it\\\/\",\"name\":\"Fondazione Gianni Benzi - ETS\",\"description\":\"\",\"potentialAction\":[{\"@type\":\"SearchAction\",\"target\":{\"@type\":\"EntryPoint\",\"urlTemplate\":\"https:\\\/\\\/benzifoundation.org\\\/it\\\/?s={search_term_string}\"},\"query-input\":{\"@type\":\"PropertyValueSpecification\",\"valueRequired\":true,\"valueName\":\"search_term_string\"}}],\"inLanguage\":\"it-IT\"}]}<\/script>\n<!-- \/ Yoast SEO plugin. -->","yoast_head_json":{"title":"COVID-19 - Fondazione Gianni Benzi - ETS","robots":{"index":"index","follow":"follow","max-snippet":"max-snippet:-1","max-image-preview":"max-image-preview:large","max-video-preview":"max-video-preview:-1"},"canonical":"https:\/\/benzifoundation.org\/it\/covid-19\/","og_locale":"it_IT","og_type":"article","og_title":"COVID-19 - Fondazione Gianni Benzi - ETS","og_url":"https:\/\/benzifoundation.org\/it\/covid-19\/","og_site_name":"Fondazione Gianni Benzi - ETS","article_modified_time":"2026-08-06T08:49:49+00:00","twitter_card":"summary_large_image","schema":{"@context":"https:\/\/schema.org","@graph":[{"@type":"WebPage","@id":"https:\/\/benzifoundation.org\/it\/covid-19\/","url":"https:\/\/benzifoundation.org\/it\/covid-19\/","name":"COVID-19 - Fondazione Gianni Benzi - ETS","isPartOf":{"@id":"https:\/\/benzifoundation.org\/it\/#website"},"datePublished":"2026-07-31T10:10:51+00:00","dateModified":"2026-08-06T08:49:49+00:00","breadcrumb":{"@id":"https:\/\/benzifoundation.org\/it\/covid-19\/#breadcrumb"},"inLanguage":"it-IT","potentialAction":[{"@type":"ReadAction","target":["https:\/\/benzifoundation.org\/it\/covid-19\/"]}]},{"@type":"BreadcrumbList","@id":"https:\/\/benzifoundation.org\/it\/covid-19\/#breadcrumb","itemListElement":[{"@type":"ListItem","position":1,"name":"Home","item":"https:\/\/benzifoundation.org\/it\/"},{"@type":"ListItem","position":2,"name":"COVID-19"}]},{"@type":"WebSite","@id":"https:\/\/benzifoundation.org\/it\/#website","url":"https:\/\/benzifoundation.org\/it\/","name":"Fondazione Gianni Benzi - ETS","description":"","potentialAction":[{"@type":"SearchAction","target":{"@type":"EntryPoint","urlTemplate":"https:\/\/benzifoundation.org\/it\/?s={search_term_string}"},"query-input":{"@type":"PropertyValueSpecification","valueRequired":true,"valueName":"search_term_string"}}],"inLanguage":"it-IT"}]}},"_links":{"self":[{"href":"https:\/\/benzifoundation.org\/it\/wp-json\/wp\/v2\/pages\/5772","targetHints":{"allow":["GET"]}}],"collection":[{"href":"https:\/\/benzifoundation.org\/it\/wp-json\/wp\/v2\/pages"}],"about":[{"href":"https:\/\/benzifoundation.org\/it\/wp-json\/wp\/v2\/types\/page"}],"author":[{"embeddable":true,"href":"https:\/\/benzifoundation.org\/it\/wp-json\/wp\/v2\/users\/1"}],"replies":[{"embeddable":true,"href":"https:\/\/benzifoundation.org\/it\/wp-json\/wp\/v2\/comments?post=5772"}],"version-history":[{"count":1,"href":"https:\/\/benzifoundation.org\/it\/wp-json\/wp\/v2\/pages\/5772\/revisions"}],"predecessor-version":[{"id":5773,"href":"https:\/\/benzifoundation.org\/it\/wp-json\/wp\/v2\/pages\/5772\/revisions\/5773"}],"wp:attachment":[{"href":"https:\/\/benzifoundation.org\/it\/wp-json\/wp\/v2\/media?parent=5772"}],"curies":[{"name":"wp","href":"https:\/\/api.w.org\/{rel}","templated":true}]}}